{"id":49,"date":"2016-11-07T19:30:54","date_gmt":"2016-11-07T18:30:54","guid":{"rendered":"http:\/\/www.gietka.be\/?page_id=49"},"modified":"2016-11-10T18:35:34","modified_gmt":"2016-11-10T17:35:34","slug":"2015-2","status":"publish","type":"page","link":"https:\/\/www.gietka.be\/index.php\/2015-2\/","title":{"rendered":"2015"},"content":{"rendered":"<p><span style=\"color: #000000;\"><strong><span style=\"text-decoration: underline;\">Novembre 2015<\/span>\u00a0: <\/strong>L\u2019aquarelle \u00ab\u00a0Marcottage\u00a0\u00bb de Jos\u00e9 Gietka fait l\u2019affiche, le flyer et la couverture du catalogue des 10 ans du cercle artistique \u00ab\u00a0Envoz\u2019Art\u00a0\u00bb<\/span><\/p>\n<p><a href=\"https:\/\/i0.wp.com\/www.gietka.be\/wp-content\/uploads\/2016\/11\/2015-Envozart-affiche.jpg?ssl=1\" target=\"_blank\"><img data-recalc-dims=\"1\" loading=\"lazy\" decoding=\"async\" data-attachment-id=\"295\" data-permalink=\"https:\/\/www.gietka.be\/index.php\/2015-2\/2015-envozart-affiche\/\" data-orig-file=\"https:\/\/i0.wp.com\/www.gietka.be\/wp-content\/uploads\/2016\/11\/2015-Envozart-affiche.jpg?fit=357%2C500&amp;ssl=1\" data-orig-size=\"357,500\" data-comments-opened=\"1\" data-image-meta=\"{&quot;aperture&quot;:&quot;0&quot;,&quot;credit&quot;:&quot;&quot;,&quot;camera&quot;:&quot;&quot;,&quot;caption&quot;:&quot;&quot;,&quot;created_timestamp&quot;:&quot;0&quot;,&quot;copyright&quot;:&quot;&quot;,&quot;focal_length&quot;:&quot;0&quot;,&quot;iso&quot;:&quot;0&quot;,&quot;shutter_speed&quot;:&quot;0&quot;,&quot;title&quot;:&quot;&quot;,&quot;orientation&quot;:&quot;0&quot;}\" data-image-title=\"2015-envozart-affiche\" data-image-description=\"\" data-image-caption=\"\" data-medium-file=\"https:\/\/i0.wp.com\/www.gietka.be\/wp-content\/uploads\/2016\/11\/2015-Envozart-affiche.jpg?fit=214%2C300&amp;ssl=1\" data-large-file=\"https:\/\/i0.wp.com\/www.gietka.be\/wp-content\/uploads\/2016\/11\/2015-Envozart-affiche.jpg?fit=357%2C500&amp;ssl=1\" class=\"aligncenter wp-image-295 size-medium\" src=\"https:\/\/i0.wp.com\/www.gietka.be\/wp-content\/uploads\/2016\/11\/2015-Envozart-affiche.jpg?resize=214%2C300&#038;ssl=1\" alt=\"2015-envozart-affiche\" width=\"214\" height=\"300\" srcset=\"https:\/\/i0.wp.com\/www.gietka.be\/wp-content\/uploads\/2016\/11\/2015-Envozart-affiche.jpg?resize=214%2C300&amp;ssl=1 214w, https:\/\/i0.wp.com\/www.gietka.be\/wp-content\/uploads\/2016\/11\/2015-Envozart-affiche.jpg?resize=300%2C420&amp;ssl=1 300w, https:\/\/i0.wp.com\/www.gietka.be\/wp-content\/uploads\/2016\/11\/2015-Envozart-affiche.jpg?w=357&amp;ssl=1 357w\" sizes=\"auto, (max-width: 214px) 100vw, 214px\" \/><\/a><\/p>\n<p><span style=\"color: #000000;\">\u00a0\u00a0\u00a0\u00a0\u00a0 Il figure \u00e9galement \u00e0 la page 38 de ce catalogue<\/span><span style=\"color: #000000;\"><br \/>\n<a href=\"https:\/\/i0.wp.com\/www.gietka.be\/wp-content\/uploads\/2016\/11\/2015-Envozart-catalogue.jpg?ssl=1\" target=\"_blank\"><img data-recalc-dims=\"1\" loading=\"lazy\" decoding=\"async\" data-attachment-id=\"297\" data-permalink=\"https:\/\/www.gietka.be\/index.php\/2015-2\/2015-envozart-catalogue\/\" data-orig-file=\"https:\/\/i0.wp.com\/www.gietka.be\/wp-content\/uploads\/2016\/11\/2015-Envozart-catalogue.jpg?fit=717%2C1024&amp;ssl=1\" data-orig-size=\"717,1024\" data-comments-opened=\"1\" data-image-meta=\"{&quot;aperture&quot;:&quot;0&quot;,&quot;credit&quot;:&quot;&quot;,&quot;camera&quot;:&quot;&quot;,&quot;caption&quot;:&quot;&quot;,&quot;created_timestamp&quot;:&quot;0&quot;,&quot;copyright&quot;:&quot;&quot;,&quot;focal_length&quot;:&quot;0&quot;,&quot;iso&quot;:&quot;0&quot;,&quot;shutter_speed&quot;:&quot;0&quot;,&quot;title&quot;:&quot;&quot;,&quot;orientation&quot;:&quot;0&quot;}\" data-image-title=\"2015-envozart-catalogue\" data-image-description=\"\" data-image-caption=\"\" data-medium-file=\"https:\/\/i0.wp.com\/www.gietka.be\/wp-content\/uploads\/2016\/11\/2015-Envozart-catalogue.jpg?fit=210%2C300&amp;ssl=1\" data-large-file=\"https:\/\/i0.wp.com\/www.gietka.be\/wp-content\/uploads\/2016\/11\/2015-Envozart-catalogue.jpg?fit=640%2C914&amp;ssl=1\" class=\"aligncenter wp-image-297 size-medium\" src=\"https:\/\/i0.wp.com\/www.gietka.be\/wp-content\/uploads\/2016\/11\/2015-Envozart-catalogue.jpg?resize=210%2C300&#038;ssl=1\" alt=\"2015-envozart-catalogue\" width=\"210\" height=\"300\" srcset=\"https:\/\/i0.wp.com\/www.gietka.be\/wp-content\/uploads\/2016\/11\/2015-Envozart-catalogue.jpg?resize=210%2C300&amp;ssl=1 210w, https:\/\/i0.wp.com\/www.gietka.be\/wp-content\/uploads\/2016\/11\/2015-Envozart-catalogue.jpg?resize=300%2C428&amp;ssl=1 300w, https:\/\/i0.wp.com\/www.gietka.be\/wp-content\/uploads\/2016\/11\/2015-Envozart-catalogue.jpg?w=717&amp;ssl=1 717w\" sizes=\"auto, (max-width: 210px) 100vw, 210px\" \/><\/a><\/span><\/p>\n<p><span style=\"color: #000000;\"><strong><u>Octobre 2015<\/u><\/strong>\u00a0: Jos\u00e9 re\u00e7oit le 2\u00e8me prix du jury \u00e0 la 1\u00e8re exposition des Aquarellistes Francophones de Belgique.<\/span><\/p>\n<p><a href=\"https:\/\/i0.wp.com\/www.gietka.be\/wp-content\/uploads\/2016\/11\/2015-AFB-dipl%C3%B4me.jpg?ssl=1\" target=\"_blank\"><img data-recalc-dims=\"1\" loading=\"lazy\" decoding=\"async\" data-attachment-id=\"298\" data-permalink=\"https:\/\/www.gietka.be\/index.php\/2015-2\/2015-afb-diplome\/\" data-orig-file=\"https:\/\/i0.wp.com\/www.gietka.be\/wp-content\/uploads\/2016\/11\/2015-AFB-dipl%C3%B4me.jpg?fit=1000%2C703&amp;ssl=1\" data-orig-size=\"1000,703\" data-comments-opened=\"1\" data-image-meta=\"{&quot;aperture&quot;:&quot;0&quot;,&quot;credit&quot;:&quot;&quot;,&quot;camera&quot;:&quot;&quot;,&quot;caption&quot;:&quot;&quot;,&quot;created_timestamp&quot;:&quot;0&quot;,&quot;copyright&quot;:&quot;&quot;,&quot;focal_length&quot;:&quot;0&quot;,&quot;iso&quot;:&quot;0&quot;,&quot;shutter_speed&quot;:&quot;0&quot;,&quot;title&quot;:&quot;&quot;,&quot;orientation&quot;:&quot;0&quot;}\" data-image-title=\"2015-afb-diplome\" data-image-description=\"\" data-image-caption=\"\" data-medium-file=\"https:\/\/i0.wp.com\/www.gietka.be\/wp-content\/uploads\/2016\/11\/2015-AFB-dipl%C3%B4me.jpg?fit=300%2C211&amp;ssl=1\" data-large-file=\"https:\/\/i0.wp.com\/www.gietka.be\/wp-content\/uploads\/2016\/11\/2015-AFB-dipl%C3%B4me.jpg?fit=640%2C450&amp;ssl=1\" class=\"aligncenter wp-image-298 size-medium\" src=\"https:\/\/i0.wp.com\/www.gietka.be\/wp-content\/uploads\/2016\/11\/2015-AFB-dipl%C3%B4me.jpg?resize=300%2C211&#038;ssl=1\" alt=\"2015-afb-diplome\" width=\"300\" height=\"211\" srcset=\"https:\/\/i0.wp.com\/www.gietka.be\/wp-content\/uploads\/2016\/11\/2015-AFB-dipl%C3%B4me.jpg?resize=300%2C211&amp;ssl=1 300w, https:\/\/i0.wp.com\/www.gietka.be\/wp-content\/uploads\/2016\/11\/2015-AFB-dipl%C3%B4me.jpg?resize=768%2C540&amp;ssl=1 768w, https:\/\/i0.wp.com\/www.gietka.be\/wp-content\/uploads\/2016\/11\/2015-AFB-dipl%C3%B4me.jpg?w=1000&amp;ssl=1 1000w\" sizes=\"auto, (max-width: 300px) 100vw, 300px\" \/><\/a><\/p>\n<p><a href=\"https:\/\/i0.wp.com\/www.gietka.be\/wp-content\/uploads\/2016\/11\/2015-AFB-prix.jpg?ssl=1\" target=\"_blank\"><img data-recalc-dims=\"1\" loading=\"lazy\" decoding=\"async\" data-attachment-id=\"299\" data-permalink=\"https:\/\/www.gietka.be\/index.php\/2015-2\/2015-afb-prix\/\" data-orig-file=\"https:\/\/i0.wp.com\/www.gietka.be\/wp-content\/uploads\/2016\/11\/2015-AFB-prix.jpg?fit=1000%2C667&amp;ssl=1\" data-orig-size=\"1000,667\" data-comments-opened=\"1\" data-image-meta=\"{&quot;aperture&quot;:&quot;0&quot;,&quot;credit&quot;:&quot;&quot;,&quot;camera&quot;:&quot;&quot;,&quot;caption&quot;:&quot;&quot;,&quot;created_timestamp&quot;:&quot;0&quot;,&quot;copyright&quot;:&quot;&quot;,&quot;focal_length&quot;:&quot;0&quot;,&quot;iso&quot;:&quot;0&quot;,&quot;shutter_speed&quot;:&quot;0&quot;,&quot;title&quot;:&quot;&quot;,&quot;orientation&quot;:&quot;0&quot;}\" data-image-title=\"2015-afb-prix\" data-image-description=\"\" data-image-caption=\"\" data-medium-file=\"https:\/\/i0.wp.com\/www.gietka.be\/wp-content\/uploads\/2016\/11\/2015-AFB-prix.jpg?fit=300%2C200&amp;ssl=1\" data-large-file=\"https:\/\/i0.wp.com\/www.gietka.be\/wp-content\/uploads\/2016\/11\/2015-AFB-prix.jpg?fit=640%2C427&amp;ssl=1\" class=\"aligncenter wp-image-299 size-medium\" src=\"https:\/\/i0.wp.com\/www.gietka.be\/wp-content\/uploads\/2016\/11\/2015-AFB-prix.jpg?resize=300%2C200&#038;ssl=1\" alt=\"2015-afb-prix\" width=\"300\" height=\"200\" srcset=\"https:\/\/i0.wp.com\/www.gietka.be\/wp-content\/uploads\/2016\/11\/2015-AFB-prix.jpg?resize=300%2C200&amp;ssl=1 300w, https:\/\/i0.wp.com\/www.gietka.be\/wp-content\/uploads\/2016\/11\/2015-AFB-prix.jpg?resize=768%2C512&amp;ssl=1 768w, https:\/\/i0.wp.com\/www.gietka.be\/wp-content\/uploads\/2016\/11\/2015-AFB-prix.jpg?w=1000&amp;ssl=1 1000w\" sizes=\"auto, (max-width: 300px) 100vw, 300px\" \/><\/a><\/p>\n<p><span style=\"color: #000000;\"><strong><u>Juin 2015\u00a0<\/u><\/strong>: Jos\u00e9 est repris dans la cote des peintre 2015\/2016 Akoun, \u00e9ditions S\u00e9l\u00e9na (sa cote 1500\u20ac).<\/span><\/p>\n<p><a href=\"https:\/\/i0.wp.com\/www.gietka.be\/wp-content\/uploads\/2016\/11\/2015-Akoun.jpg?ssl=1\" target=\"_blank\"><img data-recalc-dims=\"1\" loading=\"lazy\" decoding=\"async\" data-attachment-id=\"300\" data-permalink=\"https:\/\/www.gietka.be\/index.php\/2015-2\/2015-akoun\/\" data-orig-file=\"https:\/\/i0.wp.com\/www.gietka.be\/wp-content\/uploads\/2016\/11\/2015-Akoun.jpg?fit=300%2C495&amp;ssl=1\" data-orig-size=\"300,495\" data-comments-opened=\"1\" data-image-meta=\"{&quot;aperture&quot;:&quot;0&quot;,&quot;credit&quot;:&quot;&quot;,&quot;camera&quot;:&quot;&quot;,&quot;caption&quot;:&quot;&quot;,&quot;created_timestamp&quot;:&quot;0&quot;,&quot;copyright&quot;:&quot;&quot;,&quot;focal_length&quot;:&quot;0&quot;,&quot;iso&quot;:&quot;0&quot;,&quot;shutter_speed&quot;:&quot;0&quot;,&quot;title&quot;:&quot;&quot;,&quot;orientation&quot;:&quot;0&quot;}\" data-image-title=\"2015-akoun\" data-image-description=\"\" data-image-caption=\"\" data-medium-file=\"https:\/\/i0.wp.com\/www.gietka.be\/wp-content\/uploads\/2016\/11\/2015-Akoun.jpg?fit=182%2C300&amp;ssl=1\" data-large-file=\"https:\/\/i0.wp.com\/www.gietka.be\/wp-content\/uploads\/2016\/11\/2015-Akoun.jpg?fit=300%2C495&amp;ssl=1\" class=\"aligncenter wp-image-300 size-medium\" src=\"https:\/\/i0.wp.com\/www.gietka.be\/wp-content\/uploads\/2016\/11\/2015-Akoun.jpg?resize=182%2C300&#038;ssl=1\" alt=\"2015-akoun\" width=\"182\" height=\"300\" srcset=\"https:\/\/i0.wp.com\/www.gietka.be\/wp-content\/uploads\/2016\/11\/2015-Akoun.jpg?resize=182%2C300&amp;ssl=1 182w, https:\/\/i0.wp.com\/www.gietka.be\/wp-content\/uploads\/2016\/11\/2015-Akoun.jpg?w=300&amp;ssl=1 300w\" sizes=\"auto, (max-width: 182px) 100vw, 182px\" \/><\/a><\/p>\n<p><span style=\"color: #000000;\"><strong><u>Mai 2015<\/u><\/strong>\u00a0:\u00a0Jos\u00e9 Gietka figure \u00e0 la page 22 du 24 \u00e8me catalogue des \u00ab\u00a0Printemps de l\u2019Aquarelle\u00a0\u00bb<\/span><\/p>\n<p><a href=\"https:\/\/i0.wp.com\/www.gietka.be\/wp-content\/uploads\/2016\/11\/2015-Libramont-catalogue.jpg?ssl=1\" target=\"_blank\"><img data-recalc-dims=\"1\" loading=\"lazy\" decoding=\"async\" data-attachment-id=\"301\" data-permalink=\"https:\/\/www.gietka.be\/index.php\/2015-2\/2015-libramont-catalogue\/\" data-orig-file=\"https:\/\/i0.wp.com\/www.gietka.be\/wp-content\/uploads\/2016\/11\/2015-Libramont-catalogue.jpg?fit=1024%2C856&amp;ssl=1\" data-orig-size=\"1024,856\" data-comments-opened=\"1\" data-image-meta=\"{&quot;aperture&quot;:&quot;0&quot;,&quot;credit&quot;:&quot;&quot;,&quot;camera&quot;:&quot;&quot;,&quot;caption&quot;:&quot;&quot;,&quot;created_timestamp&quot;:&quot;0&quot;,&quot;copyright&quot;:&quot;&quot;,&quot;focal_length&quot;:&quot;0&quot;,&quot;iso&quot;:&quot;0&quot;,&quot;shutter_speed&quot;:&quot;0&quot;,&quot;title&quot;:&quot;&quot;,&quot;orientation&quot;:&quot;0&quot;}\" data-image-title=\"2015-libramont-catalogue\" data-image-description=\"\" data-image-caption=\"\" data-medium-file=\"https:\/\/i0.wp.com\/www.gietka.be\/wp-content\/uploads\/2016\/11\/2015-Libramont-catalogue.jpg?fit=300%2C251&amp;ssl=1\" data-large-file=\"https:\/\/i0.wp.com\/www.gietka.be\/wp-content\/uploads\/2016\/11\/2015-Libramont-catalogue.jpg?fit=640%2C535&amp;ssl=1\" class=\"aligncenter wp-image-301 size-medium\" src=\"https:\/\/i0.wp.com\/www.gietka.be\/wp-content\/uploads\/2016\/11\/2015-Libramont-catalogue.jpg?resize=300%2C251&#038;ssl=1\" alt=\"2015-libramont-catalogue\" width=\"300\" height=\"251\" srcset=\"https:\/\/i0.wp.com\/www.gietka.be\/wp-content\/uploads\/2016\/11\/2015-Libramont-catalogue.jpg?resize=300%2C251&amp;ssl=1 300w, https:\/\/i0.wp.com\/www.gietka.be\/wp-content\/uploads\/2016\/11\/2015-Libramont-catalogue.jpg?resize=768%2C642&amp;ssl=1 768w, https:\/\/i0.wp.com\/www.gietka.be\/wp-content\/uploads\/2016\/11\/2015-Libramont-catalogue.jpg?w=1024&amp;ssl=1 1024w\" sizes=\"auto, (max-width: 300px) 100vw, 300px\" \/><\/a><\/p>\n<p><span style=\"color: #000000;\"><strong><u>Avril\u00a02015<\/u><\/strong>\u00a0: Jos\u00e9 Gietka est repris dans le\u00a0<a style=\"color: #000000;\" href=\"http:\/\/gietka.artistes-cotes.com\/\">dictionnaire des artistes c\u00f4t\u00e9s<\/a><\/span><\/p>\n<p><span style=\"color: #000000;\"><strong><u>Fevrier 2015<\/u><\/strong><strong>\u00a0:\u00a0<\/strong>Jos\u00e9 Gietka fait la couverture et figure dans \u00ab\u00a0l\u2019Artsouille\u00a0\u00bb, journal des artistes d\u2019Envoz\u2019art n\u00b032<\/span><\/p>\n<p><a href=\"https:\/\/i0.wp.com\/www.gietka.be\/wp-content\/uploads\/2016\/11\/2015-Envozart-artsouille.jpg?ssl=1\" target=\"_blank\"><img data-recalc-dims=\"1\" loading=\"lazy\" decoding=\"async\" data-attachment-id=\"302\" data-permalink=\"https:\/\/www.gietka.be\/index.php\/2015-2\/2015-envozart-artsouille\/\" data-orig-file=\"https:\/\/i0.wp.com\/www.gietka.be\/wp-content\/uploads\/2016\/11\/2015-Envozart-artsouille.jpg?fit=707%2C1000&amp;ssl=1\" data-orig-size=\"707,1000\" data-comments-opened=\"1\" data-image-meta=\"{&quot;aperture&quot;:&quot;0&quot;,&quot;credit&quot;:&quot;&quot;,&quot;camera&quot;:&quot;&quot;,&quot;caption&quot;:&quot;&quot;,&quot;created_timestamp&quot;:&quot;0&quot;,&quot;copyright&quot;:&quot;&quot;,&quot;focal_length&quot;:&quot;0&quot;,&quot;iso&quot;:&quot;0&quot;,&quot;shutter_speed&quot;:&quot;0&quot;,&quot;title&quot;:&quot;&quot;,&quot;orientation&quot;:&quot;0&quot;}\" data-image-title=\"2015-envozart-artsouille\" data-image-description=\"\" data-image-caption=\"\" data-medium-file=\"https:\/\/i0.wp.com\/www.gietka.be\/wp-content\/uploads\/2016\/11\/2015-Envozart-artsouille.jpg?fit=212%2C300&amp;ssl=1\" data-large-file=\"https:\/\/i0.wp.com\/www.gietka.be\/wp-content\/uploads\/2016\/11\/2015-Envozart-artsouille.jpg?fit=640%2C905&amp;ssl=1\" class=\"aligncenter wp-image-302 size-medium\" src=\"https:\/\/i0.wp.com\/www.gietka.be\/wp-content\/uploads\/2016\/11\/2015-Envozart-artsouille.jpg?resize=212%2C300&#038;ssl=1\" alt=\"2015-envozart-artsouille\" width=\"212\" height=\"300\" srcset=\"https:\/\/i0.wp.com\/www.gietka.be\/wp-content\/uploads\/2016\/11\/2015-Envozart-artsouille.jpg?resize=212%2C300&amp;ssl=1 212w, https:\/\/i0.wp.com\/www.gietka.be\/wp-content\/uploads\/2016\/11\/2015-Envozart-artsouille.jpg?resize=300%2C424&amp;ssl=1 300w, https:\/\/i0.wp.com\/www.gietka.be\/wp-content\/uploads\/2016\/11\/2015-Envozart-artsouille.jpg?w=707&amp;ssl=1 707w\" sizes=\"auto, (max-width: 212px) 100vw, 212px\" \/><\/a><\/p>\n","protected":false},"excerpt":{"rendered":"<p>Novembre 2015\u00a0: L\u2019aquarelle \u00ab\u00a0Marcottage\u00a0\u00bb de Jos\u00e9 Gietka fait l\u2019affiche, le flyer et la couverture du catalogue des 10 ans du cercle artistique \u00ab\u00a0Envoz\u2019Art\u00a0\u00bb \u00a0\u00a0\u00a0\u00a0\u00a0 Il figure \u00e9galement \u00e0 la page 38 de ce catalogue Octobre 2015\u00a0: Jos\u00e9 re\u00e7oit le 2\u00e8me &hellip; <a href=\"https:\/\/www.gietka.be\/index.php\/2015-2\/\">Continuer la lecture <span class=\"meta-nav\">&rarr;<\/span><\/a><\/p>\n","protected":false},"author":2,"featured_media":0,"parent":0,"menu_order":0,"comment_status":"closed","ping_status":"closed","template":"","meta":{"jetpack_post_was_ever_published":false,"footnotes":""},"class_list":["post-49","page","type-page","status-publish","hentry"],"yoast_head":"<!-- This site is optimized with the Yoast SEO plugin v27.2 - https:\/\/yoast.com\/product\/yoast-seo-wordpress\/ -->\n<title>2015 - Jos\u00e9 Gietka, aquarelliste et cr\u00e9ateur de bijoux<\/title>\n<meta name=\"robots\" content=\"index, follow, max-snippet:-1, max-image-preview:large, max-video-preview:-1\" \/>\n<link rel=\"canonical\" href=\"https:\/\/www.gietka.be\/index.php\/2015-2\/\" \/>\n<meta property=\"og:locale\" content=\"fr_FR\" \/>\n<meta property=\"og:type\" content=\"article\" \/>\n<meta property=\"og:title\" content=\"2015 - Jos\u00e9 Gietka, aquarelliste et cr\u00e9ateur de bijoux\" \/>\n<meta property=\"og:description\" content=\"Novembre 2015\u00a0: L\u2019aquarelle \u00ab\u00a0Marcottage\u00a0\u00bb de Jos\u00e9 Gietka fait l\u2019affiche, le flyer et la couverture du catalogue des 10 ans du cercle artistique \u00ab\u00a0Envoz\u2019Art\u00a0\u00bb \u00a0\u00a0\u00a0\u00a0\u00a0 Il figure \u00e9galement \u00e0 la page 38 de ce catalogue Octobre 2015\u00a0: Jos\u00e9 re\u00e7oit le 2\u00e8me &hellip; Continuer la lecture &rarr;\" \/>\n<meta property=\"og:url\" content=\"https:\/\/www.gietka.be\/index.php\/2015-2\/\" \/>\n<meta property=\"og:site_name\" content=\"Jos\u00e9 Gietka, aquarelliste et cr\u00e9ateur de bijoux\" \/>\n<meta property=\"article:modified_time\" content=\"2016-11-10T17:35:34+00:00\" \/>\n<meta property=\"og:image\" content=\"http:\/\/www.gietka.be\/wp-content\/uploads\/2016\/11\/2015-Envozart-affiche-214x300.jpg\" \/>\n<meta name=\"twitter:card\" content=\"summary_large_image\" \/>\n<meta name=\"twitter:label1\" content=\"Dur\u00e9e de lecture estim\u00e9e\" \/>\n\t<meta name=\"twitter:data1\" content=\"1 minute\" \/>\n<script type=\"application\/ld+json\" class=\"yoast-schema-graph\">{\"@context\":\"https:\/\/schema.org\",\"@graph\":[{\"@type\":\"WebPage\",\"@id\":\"https:\/\/www.gietka.be\/index.php\/2015-2\/\",\"url\":\"https:\/\/www.gietka.be\/index.php\/2015-2\/\",\"name\":\"2015 - Jos\u00e9 Gietka, aquarelliste et cr\u00e9ateur de bijoux\",\"isPartOf\":{\"@id\":\"https:\/\/www.gietka.be\/#website\"},\"primaryImageOfPage\":{\"@id\":\"https:\/\/www.gietka.be\/index.php\/2015-2\/#primaryimage\"},\"image\":{\"@id\":\"https:\/\/www.gietka.be\/index.php\/2015-2\/#primaryimage\"},\"thumbnailUrl\":\"http:\/\/www.gietka.be\/wp-content\/uploads\/2016\/11\/2015-Envozart-affiche-214x300.jpg\",\"datePublished\":\"2016-11-07T18:30:54+00:00\",\"dateModified\":\"2016-11-10T17:35:34+00:00\",\"breadcrumb\":{\"@id\":\"https:\/\/www.gietka.be\/index.php\/2015-2\/#breadcrumb\"},\"inLanguage\":\"fr-FR\",\"potentialAction\":[{\"@type\":\"ReadAction\",\"target\":[\"https:\/\/www.gietka.be\/index.php\/2015-2\/\"]}]},{\"@type\":\"ImageObject\",\"inLanguage\":\"fr-FR\",\"@id\":\"https:\/\/www.gietka.be\/index.php\/2015-2\/#primaryimage\",\"url\":\"http:\/\/www.gietka.be\/wp-content\/uploads\/2016\/11\/2015-Envozart-affiche-214x300.jpg\",\"contentUrl\":\"http:\/\/www.gietka.be\/wp-content\/uploads\/2016\/11\/2015-Envozart-affiche-214x300.jpg\"},{\"@type\":\"BreadcrumbList\",\"@id\":\"https:\/\/www.gietka.be\/index.php\/2015-2\/#breadcrumb\",\"itemListElement\":[{\"@type\":\"ListItem\",\"position\":1,\"name\":\"Accueil\",\"item\":\"https:\/\/www.gietka.be\/\"},{\"@type\":\"ListItem\",\"position\":2,\"name\":\"2015\"}]},{\"@type\":\"WebSite\",\"@id\":\"https:\/\/www.gietka.be\/#website\",\"url\":\"https:\/\/www.gietka.be\/\",\"name\":\"Jos\u00e9 Gietka, aquarelliste et cr\u00e9ateur de bijoux\",\"description\":\"L&#039;art de l&#039;aquarelle cr\u00e9ative\",\"potentialAction\":[{\"@type\":\"SearchAction\",\"target\":{\"@type\":\"EntryPoint\",\"urlTemplate\":\"https:\/\/www.gietka.be\/?s={search_term_string}\"},\"query-input\":{\"@type\":\"PropertyValueSpecification\",\"valueRequired\":true,\"valueName\":\"search_term_string\"}}],\"inLanguage\":\"fr-FR\"}]}<\/script>\n<!-- \/ Yoast SEO plugin. -->","yoast_head_json":{"title":"2015 - Jos\u00e9 Gietka, aquarelliste et cr\u00e9ateur de bijoux","robots":{"index":"index","follow":"follow","max-snippet":"max-snippet:-1","max-image-preview":"max-image-preview:large","max-video-preview":"max-video-preview:-1"},"canonical":"https:\/\/www.gietka.be\/index.php\/2015-2\/","og_locale":"fr_FR","og_type":"article","og_title":"2015 - Jos\u00e9 Gietka, aquarelliste et cr\u00e9ateur de bijoux","og_description":"Novembre 2015\u00a0: L\u2019aquarelle \u00ab\u00a0Marcottage\u00a0\u00bb de Jos\u00e9 Gietka fait l\u2019affiche, le flyer et la couverture du catalogue des 10 ans du cercle artistique \u00ab\u00a0Envoz\u2019Art\u00a0\u00bb \u00a0\u00a0\u00a0\u00a0\u00a0 Il figure \u00e9galement \u00e0 la page 38 de ce catalogue Octobre 2015\u00a0: Jos\u00e9 re\u00e7oit le 2\u00e8me &hellip; Continuer la lecture &rarr;","og_url":"https:\/\/www.gietka.be\/index.php\/2015-2\/","og_site_name":"Jos\u00e9 Gietka, aquarelliste et cr\u00e9ateur de bijoux","article_modified_time":"2016-11-10T17:35:34+00:00","og_image":[{"url":"http:\/\/www.gietka.be\/wp-content\/uploads\/2016\/11\/2015-Envozart-affiche-214x300.jpg","type":"","width":"","height":""}],"twitter_card":"summary_large_image","twitter_misc":{"Dur\u00e9e de lecture estim\u00e9e":"1 minute"},"schema":{"@context":"https:\/\/schema.org","@graph":[{"@type":"WebPage","@id":"https:\/\/www.gietka.be\/index.php\/2015-2\/","url":"https:\/\/www.gietka.be\/index.php\/2015-2\/","name":"2015 - Jos\u00e9 Gietka, aquarelliste et cr\u00e9ateur de bijoux","isPartOf":{"@id":"https:\/\/www.gietka.be\/#website"},"primaryImageOfPage":{"@id":"https:\/\/www.gietka.be\/index.php\/2015-2\/#primaryimage"},"image":{"@id":"https:\/\/www.gietka.be\/index.php\/2015-2\/#primaryimage"},"thumbnailUrl":"http:\/\/www.gietka.be\/wp-content\/uploads\/2016\/11\/2015-Envozart-affiche-214x300.jpg","datePublished":"2016-11-07T18:30:54+00:00","dateModified":"2016-11-10T17:35:34+00:00","breadcrumb":{"@id":"https:\/\/www.gietka.be\/index.php\/2015-2\/#breadcrumb"},"inLanguage":"fr-FR","potentialAction":[{"@type":"ReadAction","target":["https:\/\/www.gietka.be\/index.php\/2015-2\/"]}]},{"@type":"ImageObject","inLanguage":"fr-FR","@id":"https:\/\/www.gietka.be\/index.php\/2015-2\/#primaryimage","url":"http:\/\/www.gietka.be\/wp-content\/uploads\/2016\/11\/2015-Envozart-affiche-214x300.jpg","contentUrl":"http:\/\/www.gietka.be\/wp-content\/uploads\/2016\/11\/2015-Envozart-affiche-214x300.jpg"},{"@type":"BreadcrumbList","@id":"https:\/\/www.gietka.be\/index.php\/2015-2\/#breadcrumb","itemListElement":[{"@type":"ListItem","position":1,"name":"Accueil","item":"https:\/\/www.gietka.be\/"},{"@type":"ListItem","position":2,"name":"2015"}]},{"@type":"WebSite","@id":"https:\/\/www.gietka.be\/#website","url":"https:\/\/www.gietka.be\/","name":"Jos\u00e9 Gietka, aquarelliste et cr\u00e9ateur de bijoux","description":"L&#039;art de l&#039;aquarelle cr\u00e9ative","potentialAction":[{"@type":"SearchAction","target":{"@type":"EntryPoint","urlTemplate":"https:\/\/www.gietka.be\/?s={search_term_string}"},"query-input":{"@type":"PropertyValueSpecification","valueRequired":true,"valueName":"search_term_string"}}],"inLanguage":"fr-FR"}]}},"jetpack_sharing_enabled":true,"jetpack_shortlink":"https:\/\/wp.me\/P7ZytP-N","_links":{"self":[{"href":"https:\/\/www.gietka.be\/index.php\/wp-json\/wp\/v2\/pages\/49","targetHints":{"allow":["GET"]}}],"collection":[{"href":"https:\/\/www.gietka.be\/index.php\/wp-json\/wp\/v2\/pages"}],"about":[{"href":"https:\/\/www.gietka.be\/index.php\/wp-json\/wp\/v2\/types\/page"}],"author":[{"embeddable":true,"href":"https:\/\/www.gietka.be\/index.php\/wp-json\/wp\/v2\/users\/2"}],"replies":[{"embeddable":true,"href":"https:\/\/www.gietka.be\/index.php\/wp-json\/wp\/v2\/comments?post=49"}],"version-history":[{"count":4,"href":"https:\/\/www.gietka.be\/index.php\/wp-json\/wp\/v2\/pages\/49\/revisions"}],"predecessor-version":[{"id":303,"href":"https:\/\/www.gietka.be\/index.php\/wp-json\/wp\/v2\/pages\/49\/revisions\/303"}],"wp:attachment":[{"href":"https:\/\/www.gietka.be\/index.php\/wp-json\/wp\/v2\/media?parent=49"}],"curies":[{"name":"wp","href":"https:\/\/api.w.org\/{rel}","templated":true}]}}