{"id":1977,"date":"2019-12-01T11:58:58","date_gmt":"2019-12-01T10:58:58","guid":{"rendered":"http:\/\/www.gietka.be\/?page_id=1977"},"modified":"2020-08-07T17:05:12","modified_gmt":"2020-08-07T15:05:12","slug":"pendentif","status":"publish","type":"page","link":"https:\/\/www.gietka.be\/index.php\/pendentif\/","title":{"rendered":"Pendentifs en argent"},"content":{"rendered":"\n<p>Cliquez sur une image pour voir le diaporama<\/p>\n\n\n\n<div class=\"wp-block-jetpack-tiled-gallery aligncenter is-style-rectangular\"><div class=\"tiled-gallery__gallery\"><div class=\"tiled-gallery__row\"><div class=\"tiled-gallery__col\" style=\"flex-basis:66.7238692122437%\"><figure class=\"tiled-gallery__item\"><img decoding=\"async\" data-attachment-id=\"3934\" data-permalink=\"https:\/\/www.gietka.be\/index.php\/pendentif\/p-1\/\" data-orig-file=\"https:\/\/i0.wp.com\/www.gietka.be\/wp-content\/uploads\/2020\/08\/P-1.png?fit=500%2C500&amp;ssl=1\" data-orig-size=\"500,500\" data-comments-opened=\"0\" data-image-meta=\"{&quot;aperture&quot;:&quot;0&quot;,&quot;credit&quot;:&quot;&quot;,&quot;camera&quot;:&quot;&quot;,&quot;caption&quot;:&quot;&quot;,&quot;created_timestamp&quot;:&quot;0&quot;,&quot;copyright&quot;:&quot;&quot;,&quot;focal_length&quot;:&quot;0&quot;,&quot;iso&quot;:&quot;0&quot;,&quot;shutter_speed&quot;:&quot;0&quot;,&quot;title&quot;:&quot;&quot;,&quot;orientation&quot;:&quot;0&quot;}\" data-image-title=\"P1 Pendentif fleurs\" data-image-description=\"&lt;p&gt;P1 Pendentif fleurs&lt;\/p&gt;\n\" data-image-caption=\"&lt;p&gt;P1 Pendentif fleurs&lt;\/p&gt;\n\" data-medium-file=\"https:\/\/i0.wp.com\/www.gietka.be\/wp-content\/uploads\/2020\/08\/P-1.png?fit=300%2C300&amp;ssl=1\" data-large-file=\"https:\/\/i0.wp.com\/www.gietka.be\/wp-content\/uploads\/2020\/08\/P-1.png?fit=500%2C500&amp;ssl=1\" data-attachment-id=\"3934\" data-permalink=\"https:\/\/www.gietka.be\/index.php\/pendentif\/p-1\/\" data-orig-file=\"https:\/\/i0.wp.com\/www.gietka.be\/wp-content\/uploads\/2020\/08\/P-1.png?fit=500%2C500&amp;ssl=1\" data-orig-size=\"500,500\" data-comments-opened=\"0\" data-image-meta=\"{&quot;aperture&quot;:&quot;0&quot;,&quot;credit&quot;:&quot;&quot;,&quot;camera&quot;:&quot;&quot;,&quot;caption&quot;:&quot;&quot;,&quot;created_timestamp&quot;:&quot;0&quot;,&quot;copyright&quot;:&quot;&quot;,&quot;focal_length&quot;:&quot;0&quot;,&quot;iso&quot;:&quot;0&quot;,&quot;shutter_speed&quot;:&quot;0&quot;,&quot;title&quot;:&quot;&quot;,&quot;orientation&quot;:&quot;0&quot;}\" data-image-title=\"P1 Pendentif fleurs\" data-image-description=\"&lt;p&gt;P1 Pendentif fleurs&lt;\/p&gt;\n\" data-image-caption=\"&lt;p&gt;P1 Pendentif fleurs&lt;\/p&gt;\n\" data-medium-file=\"https:\/\/i0.wp.com\/www.gietka.be\/wp-content\/uploads\/2020\/08\/P-1.png?fit=300%2C300&amp;ssl=1\" data-large-file=\"https:\/\/i0.wp.com\/www.gietka.be\/wp-content\/uploads\/2020\/08\/P-1.png?fit=500%2C500&amp;ssl=1\" role=\"button\" tabindex=\"0\" aria-label=\"Ouvrir l\u2019image 1 sur 5 en plein \u00e9cran\"srcset=\"https:\/\/i1.wp.com\/www.gietka.be\/wp-content\/uploads\/2020\/08\/P-1.png?strip=info&#038;w=500 500w\" alt=\"P1 Pendentif fleurs\" data-height=\"500\" data-id=\"3934\" data-link=\"https:\/\/www.gietka.be\/index.php\/pendentif\/p-1\/\" data-url=\"https:\/\/www.gietka.be\/wp-content\/uploads\/2020\/08\/P-1.png\" data-width=\"500\" src=\"https:\/\/i1.wp.com\/www.gietka.be\/wp-content\/uploads\/2020\/08\/P-1.png\" layout=\"responsive\"\/><\/figure><\/div><div class=\"tiled-gallery__col\" style=\"flex-basis:33.276130787756315%\"><figure class=\"tiled-gallery__item\"><img decoding=\"async\" data-attachment-id=\"3935\" data-permalink=\"https:\/\/www.gietka.be\/index.php\/pendentif\/p-2\/\" data-orig-file=\"https:\/\/i0.wp.com\/www.gietka.be\/wp-content\/uploads\/2020\/08\/P-2.png?fit=500%2C499&amp;ssl=1\" data-orig-size=\"500,499\" data-comments-opened=\"0\" data-image-meta=\"{&quot;aperture&quot;:&quot;0&quot;,&quot;credit&quot;:&quot;&quot;,&quot;camera&quot;:&quot;&quot;,&quot;caption&quot;:&quot;&quot;,&quot;created_timestamp&quot;:&quot;0&quot;,&quot;copyright&quot;:&quot;&quot;,&quot;focal_length&quot;:&quot;0&quot;,&quot;iso&quot;:&quot;0&quot;,&quot;shutter_speed&quot;:&quot;0&quot;,&quot;title&quot;:&quot;&quot;,&quot;orientation&quot;:&quot;0&quot;}\" data-image-title=\"P2 M\u00e9daille lion\" data-image-description=\"&lt;p&gt;P2 M\u00e9daille lion&lt;\/p&gt;\n\" data-image-caption=\"&lt;p&gt;P2 M\u00e9daille lion&lt;\/p&gt;\n\" data-medium-file=\"https:\/\/i0.wp.com\/www.gietka.be\/wp-content\/uploads\/2020\/08\/P-2.png?fit=300%2C300&amp;ssl=1\" data-large-file=\"https:\/\/i0.wp.com\/www.gietka.be\/wp-content\/uploads\/2020\/08\/P-2.png?fit=500%2C499&amp;ssl=1\" data-attachment-id=\"3935\" data-permalink=\"https:\/\/www.gietka.be\/index.php\/pendentif\/p-2\/\" data-orig-file=\"https:\/\/i0.wp.com\/www.gietka.be\/wp-content\/uploads\/2020\/08\/P-2.png?fit=500%2C499&amp;ssl=1\" data-orig-size=\"500,499\" data-comments-opened=\"0\" data-image-meta=\"{&quot;aperture&quot;:&quot;0&quot;,&quot;credit&quot;:&quot;&quot;,&quot;camera&quot;:&quot;&quot;,&quot;caption&quot;:&quot;&quot;,&quot;created_timestamp&quot;:&quot;0&quot;,&quot;copyright&quot;:&quot;&quot;,&quot;focal_length&quot;:&quot;0&quot;,&quot;iso&quot;:&quot;0&quot;,&quot;shutter_speed&quot;:&quot;0&quot;,&quot;title&quot;:&quot;&quot;,&quot;orientation&quot;:&quot;0&quot;}\" data-image-title=\"P2 M\u00e9daille lion\" data-image-description=\"&lt;p&gt;P2 M\u00e9daille lion&lt;\/p&gt;\n\" data-image-caption=\"&lt;p&gt;P2 M\u00e9daille lion&lt;\/p&gt;\n\" data-medium-file=\"https:\/\/i0.wp.com\/www.gietka.be\/wp-content\/uploads\/2020\/08\/P-2.png?fit=300%2C300&amp;ssl=1\" data-large-file=\"https:\/\/i0.wp.com\/www.gietka.be\/wp-content\/uploads\/2020\/08\/P-2.png?fit=500%2C499&amp;ssl=1\" role=\"button\" tabindex=\"0\" aria-label=\"Ouvrir l\u2019image 2 sur 5 en plein \u00e9cran\"srcset=\"https:\/\/i1.wp.com\/www.gietka.be\/wp-content\/uploads\/2020\/08\/P-2.png?strip=info&#038;w=500 500w\" alt=\"P2 M\u00e9daille lion\" data-height=\"499\" data-id=\"3935\" data-link=\"https:\/\/www.gietka.be\/index.php\/pendentif\/p-2\/\" data-url=\"https:\/\/www.gietka.be\/wp-content\/uploads\/2020\/08\/P-2.png\" data-width=\"500\" src=\"https:\/\/i1.wp.com\/www.gietka.be\/wp-content\/uploads\/2020\/08\/P-2.png\" layout=\"responsive\"\/><\/figure><figure class=\"tiled-gallery__item\"><img decoding=\"async\" data-attachment-id=\"3936\" data-permalink=\"https:\/\/www.gietka.be\/index.php\/pendentif\/p-3\/\" data-orig-file=\"https:\/\/i0.wp.com\/www.gietka.be\/wp-content\/uploads\/2020\/08\/P-3.png?fit=500%2C499&amp;ssl=1\" data-orig-size=\"500,499\" data-comments-opened=\"0\" data-image-meta=\"{&quot;aperture&quot;:&quot;0&quot;,&quot;credit&quot;:&quot;&quot;,&quot;camera&quot;:&quot;&quot;,&quot;caption&quot;:&quot;&quot;,&quot;created_timestamp&quot;:&quot;0&quot;,&quot;copyright&quot;:&quot;&quot;,&quot;focal_length&quot;:&quot;0&quot;,&quot;iso&quot;:&quot;0&quot;,&quot;shutter_speed&quot;:&quot;0&quot;,&quot;title&quot;:&quot;&quot;,&quot;orientation&quot;:&quot;0&quot;}\" data-image-title=\"P3 Pendentif \u00ab\u00a0Le voyage de Christophe Colomb\u00a0\u00bb\" data-image-description=\"&lt;p&gt;P3 Pendentif \u00ab\u00a0Le voyage de Christophe Colomb\u00a0\u00bb&lt;\/p&gt;\n\" data-image-caption=\"&lt;p&gt;P3 Pendentif \u00ab\u00a0Le voyage de Christophe Colomb\u00a0\u00bb&lt;\/p&gt;\n\" data-medium-file=\"https:\/\/i0.wp.com\/www.gietka.be\/wp-content\/uploads\/2020\/08\/P-3.png?fit=300%2C300&amp;ssl=1\" data-large-file=\"https:\/\/i0.wp.com\/www.gietka.be\/wp-content\/uploads\/2020\/08\/P-3.png?fit=500%2C499&amp;ssl=1\" data-attachment-id=\"3936\" data-permalink=\"https:\/\/www.gietka.be\/index.php\/pendentif\/p-3\/\" data-orig-file=\"https:\/\/i0.wp.com\/www.gietka.be\/wp-content\/uploads\/2020\/08\/P-3.png?fit=500%2C499&amp;ssl=1\" data-orig-size=\"500,499\" data-comments-opened=\"0\" data-image-meta=\"{&quot;aperture&quot;:&quot;0&quot;,&quot;credit&quot;:&quot;&quot;,&quot;camera&quot;:&quot;&quot;,&quot;caption&quot;:&quot;&quot;,&quot;created_timestamp&quot;:&quot;0&quot;,&quot;copyright&quot;:&quot;&quot;,&quot;focal_length&quot;:&quot;0&quot;,&quot;iso&quot;:&quot;0&quot;,&quot;shutter_speed&quot;:&quot;0&quot;,&quot;title&quot;:&quot;&quot;,&quot;orientation&quot;:&quot;0&quot;}\" data-image-title=\"P3 Pendentif \u00ab\u00a0Le voyage de Christophe Colomb\u00a0\u00bb\" data-image-description=\"&lt;p&gt;P3 Pendentif \u00ab\u00a0Le voyage de Christophe Colomb\u00a0\u00bb&lt;\/p&gt;\n\" data-image-caption=\"&lt;p&gt;P3 Pendentif \u00ab\u00a0Le voyage de Christophe Colomb\u00a0\u00bb&lt;\/p&gt;\n\" data-medium-file=\"https:\/\/i0.wp.com\/www.gietka.be\/wp-content\/uploads\/2020\/08\/P-3.png?fit=300%2C300&amp;ssl=1\" data-large-file=\"https:\/\/i0.wp.com\/www.gietka.be\/wp-content\/uploads\/2020\/08\/P-3.png?fit=500%2C499&amp;ssl=1\" role=\"button\" tabindex=\"0\" aria-label=\"Ouvrir l\u2019image 3 sur 5 en plein \u00e9cran\"srcset=\"https:\/\/i2.wp.com\/www.gietka.be\/wp-content\/uploads\/2020\/08\/P-3.png?strip=info&#038;w=500 500w\" alt=\"P3 Pendentif &quot;Le voyage de Christophe Colomb&quot;\" data-height=\"499\" data-id=\"3936\" data-link=\"https:\/\/www.gietka.be\/index.php\/pendentif\/p-3\/\" data-url=\"https:\/\/www.gietka.be\/wp-content\/uploads\/2020\/08\/P-3.png\" data-width=\"500\" src=\"https:\/\/i2.wp.com\/www.gietka.be\/wp-content\/uploads\/2020\/08\/P-3.png\" layout=\"responsive\"\/><\/figure><\/div><\/div><div class=\"tiled-gallery__row\"><div class=\"tiled-gallery__col\" style=\"flex-basis:50.049897769805675%\"><figure class=\"tiled-gallery__item\"><img decoding=\"async\" data-attachment-id=\"3937\" data-permalink=\"https:\/\/www.gietka.be\/index.php\/pendentif\/p-4\/\" data-orig-file=\"https:\/\/i0.wp.com\/www.gietka.be\/wp-content\/uploads\/2020\/08\/P-4.png?fit=500%2C499&amp;ssl=1\" data-orig-size=\"500,499\" data-comments-opened=\"0\" data-image-meta=\"{&quot;aperture&quot;:&quot;0&quot;,&quot;credit&quot;:&quot;&quot;,&quot;camera&quot;:&quot;&quot;,&quot;caption&quot;:&quot;&quot;,&quot;created_timestamp&quot;:&quot;0&quot;,&quot;copyright&quot;:&quot;&quot;,&quot;focal_length&quot;:&quot;0&quot;,&quot;iso&quot;:&quot;0&quot;,&quot;shutter_speed&quot;:&quot;0&quot;,&quot;title&quot;:&quot;&quot;,&quot;orientation&quot;:&quot;0&quot;}\" data-image-title=\"P4 Pendentif \u00ab\u00a0Ballade dans l&amp;rsquo;univers\u00a0\u00bb\" data-image-description=\"&lt;p&gt;P4 Pendentif \u00ab\u00a0Ballade dans l&amp;rsquo;univers\u00a0\u00bb&lt;\/p&gt;\n\" data-image-caption=\"&lt;p&gt;P4 Pendentif \u00ab\u00a0Ballade dans l&amp;rsquo;univers\u00a0\u00bb&lt;\/p&gt;\n\" data-medium-file=\"https:\/\/i0.wp.com\/www.gietka.be\/wp-content\/uploads\/2020\/08\/P-4.png?fit=300%2C300&amp;ssl=1\" data-large-file=\"https:\/\/i0.wp.com\/www.gietka.be\/wp-content\/uploads\/2020\/08\/P-4.png?fit=500%2C499&amp;ssl=1\" data-attachment-id=\"3937\" data-permalink=\"https:\/\/www.gietka.be\/index.php\/pendentif\/p-4\/\" data-orig-file=\"https:\/\/i0.wp.com\/www.gietka.be\/wp-content\/uploads\/2020\/08\/P-4.png?fit=500%2C499&amp;ssl=1\" data-orig-size=\"500,499\" data-comments-opened=\"0\" data-image-meta=\"{&quot;aperture&quot;:&quot;0&quot;,&quot;credit&quot;:&quot;&quot;,&quot;camera&quot;:&quot;&quot;,&quot;caption&quot;:&quot;&quot;,&quot;created_timestamp&quot;:&quot;0&quot;,&quot;copyright&quot;:&quot;&quot;,&quot;focal_length&quot;:&quot;0&quot;,&quot;iso&quot;:&quot;0&quot;,&quot;shutter_speed&quot;:&quot;0&quot;,&quot;title&quot;:&quot;&quot;,&quot;orientation&quot;:&quot;0&quot;}\" data-image-title=\"P4 Pendentif \u00ab\u00a0Ballade dans l&amp;rsquo;univers\u00a0\u00bb\" data-image-description=\"&lt;p&gt;P4 Pendentif \u00ab\u00a0Ballade dans l&amp;rsquo;univers\u00a0\u00bb&lt;\/p&gt;\n\" data-image-caption=\"&lt;p&gt;P4 Pendentif \u00ab\u00a0Ballade dans l&amp;rsquo;univers\u00a0\u00bb&lt;\/p&gt;\n\" data-medium-file=\"https:\/\/i0.wp.com\/www.gietka.be\/wp-content\/uploads\/2020\/08\/P-4.png?fit=300%2C300&amp;ssl=1\" data-large-file=\"https:\/\/i0.wp.com\/www.gietka.be\/wp-content\/uploads\/2020\/08\/P-4.png?fit=500%2C499&amp;ssl=1\" role=\"button\" tabindex=\"0\" aria-label=\"Ouvrir l\u2019image 4 sur 5 en plein \u00e9cran\"srcset=\"https:\/\/i0.wp.com\/www.gietka.be\/wp-content\/uploads\/2020\/08\/P-4.png?strip=info&#038;w=500 500w\" alt=\"P4 Pendentif &quot;Ballade dans l'univers&quot;\" data-height=\"499\" data-id=\"3937\" data-link=\"https:\/\/www.gietka.be\/index.php\/pendentif\/p-4\/\" data-url=\"https:\/\/www.gietka.be\/wp-content\/uploads\/2020\/08\/P-4.png\" data-width=\"500\" src=\"https:\/\/i0.wp.com\/www.gietka.be\/wp-content\/uploads\/2020\/08\/P-4.png\" layout=\"responsive\"\/><\/figure><\/div><div class=\"tiled-gallery__col\" style=\"flex-basis:49.95010223019434%\"><figure class=\"tiled-gallery__item\"><img decoding=\"async\" data-attachment-id=\"3938\" data-permalink=\"https:\/\/www.gietka.be\/index.php\/pendentif\/p-5\/\" data-orig-file=\"https:\/\/i0.wp.com\/www.gietka.be\/wp-content\/uploads\/2020\/08\/P-5.png?fit=500%2C500&amp;ssl=1\" data-orig-size=\"500,500\" data-comments-opened=\"0\" data-image-meta=\"{&quot;aperture&quot;:&quot;0&quot;,&quot;credit&quot;:&quot;&quot;,&quot;camera&quot;:&quot;&quot;,&quot;caption&quot;:&quot;&quot;,&quot;created_timestamp&quot;:&quot;0&quot;,&quot;copyright&quot;:&quot;&quot;,&quot;focal_length&quot;:&quot;0&quot;,&quot;iso&quot;:&quot;0&quot;,&quot;shutter_speed&quot;:&quot;0&quot;,&quot;title&quot;:&quot;&quot;,&quot;orientation&quot;:&quot;0&quot;}\" data-image-title=\"P5 M\u00e9daille art-d\u00e9co \u00ab\u00a0Aubade d&amp;rsquo;un Pierrot&amp;rsquo;\" data-image-description=\"&lt;p&gt;P5 M\u00e9daille art-d\u00e9co \u00ab\u00a0Aubade d&amp;rsquo;un Pierrot&amp;rsquo;&lt;\/p&gt;\n\" data-image-caption=\"&lt;p&gt;P5 M\u00e9daille art-d\u00e9co \u00ab\u00a0Aubade d&amp;rsquo;un Pierrot&amp;rsquo;&lt;\/p&gt;\n\" data-medium-file=\"https:\/\/i0.wp.com\/www.gietka.be\/wp-content\/uploads\/2020\/08\/P-5.png?fit=300%2C300&amp;ssl=1\" data-large-file=\"https:\/\/i0.wp.com\/www.gietka.be\/wp-content\/uploads\/2020\/08\/P-5.png?fit=500%2C500&amp;ssl=1\" data-attachment-id=\"3938\" data-permalink=\"https:\/\/www.gietka.be\/index.php\/pendentif\/p-5\/\" data-orig-file=\"https:\/\/i0.wp.com\/www.gietka.be\/wp-content\/uploads\/2020\/08\/P-5.png?fit=500%2C500&amp;ssl=1\" data-orig-size=\"500,500\" data-comments-opened=\"0\" data-image-meta=\"{&quot;aperture&quot;:&quot;0&quot;,&quot;credit&quot;:&quot;&quot;,&quot;camera&quot;:&quot;&quot;,&quot;caption&quot;:&quot;&quot;,&quot;created_timestamp&quot;:&quot;0&quot;,&quot;copyright&quot;:&quot;&quot;,&quot;focal_length&quot;:&quot;0&quot;,&quot;iso&quot;:&quot;0&quot;,&quot;shutter_speed&quot;:&quot;0&quot;,&quot;title&quot;:&quot;&quot;,&quot;orientation&quot;:&quot;0&quot;}\" data-image-title=\"P5 M\u00e9daille art-d\u00e9co \u00ab\u00a0Aubade d&amp;rsquo;un Pierrot&amp;rsquo;\" data-image-description=\"&lt;p&gt;P5 M\u00e9daille art-d\u00e9co \u00ab\u00a0Aubade d&amp;rsquo;un Pierrot&amp;rsquo;&lt;\/p&gt;\n\" data-image-caption=\"&lt;p&gt;P5 M\u00e9daille art-d\u00e9co \u00ab\u00a0Aubade d&amp;rsquo;un Pierrot&amp;rsquo;&lt;\/p&gt;\n\" data-medium-file=\"https:\/\/i0.wp.com\/www.gietka.be\/wp-content\/uploads\/2020\/08\/P-5.png?fit=300%2C300&amp;ssl=1\" data-large-file=\"https:\/\/i0.wp.com\/www.gietka.be\/wp-content\/uploads\/2020\/08\/P-5.png?fit=500%2C500&amp;ssl=1\" role=\"button\" tabindex=\"0\" aria-label=\"Ouvrir l\u2019image 5 sur 5 en plein \u00e9cran\"srcset=\"https:\/\/i0.wp.com\/www.gietka.be\/wp-content\/uploads\/2020\/08\/P-5.png?strip=info&#038;w=500 500w\" alt=\"P5 M\u00e9daille art-d\u00e9co &quot;Aubade d'un Pierrot'\" data-height=\"500\" data-id=\"3938\" data-link=\"https:\/\/www.gietka.be\/index.php\/pendentif\/p-5\/\" data-url=\"https:\/\/www.gietka.be\/wp-content\/uploads\/2020\/08\/P-5.png\" data-width=\"500\" src=\"https:\/\/i0.wp.com\/www.gietka.be\/wp-content\/uploads\/2020\/08\/P-5.png\" layout=\"responsive\"\/><\/figure><\/div><\/div><\/div><\/div>\n","protected":false},"excerpt":{"rendered":"<p>Cliquez sur une image pour voir le diaporama<\/p>\n","protected":false},"author":2,"featured_media":0,"parent":0,"menu_order":0,"comment_status":"closed","ping_status":"closed","template":"","meta":{"jetpack_post_was_ever_published":false,"footnotes":""},"class_list":["post-1977","page","type-page","status-publish","hentry"],"yoast_head":"<!-- This site is optimized with the Yoast SEO plugin v27.2 - https:\/\/yoast.com\/product\/yoast-seo-wordpress\/ -->\n<title>Pendentifs en argent - Jos\u00e9 Gietka, aquarelliste et cr\u00e9ateur de bijoux<\/title>\n<meta name=\"robots\" content=\"index, follow, max-snippet:-1, max-image-preview:large, max-video-preview:-1\" \/>\n<link rel=\"canonical\" href=\"https:\/\/www.gietka.be\/index.php\/pendentif\/\" \/>\n<meta property=\"og:locale\" content=\"fr_FR\" \/>\n<meta property=\"og:type\" content=\"article\" \/>\n<meta property=\"og:title\" content=\"Pendentifs en argent - Jos\u00e9 Gietka, aquarelliste et cr\u00e9ateur de bijoux\" \/>\n<meta property=\"og:description\" content=\"Cliquez sur une image pour voir le diaporama\" \/>\n<meta property=\"og:url\" content=\"https:\/\/www.gietka.be\/index.php\/pendentif\/\" \/>\n<meta property=\"og:site_name\" content=\"Jos\u00e9 Gietka, aquarelliste et cr\u00e9ateur de bijoux\" \/>\n<meta property=\"article:modified_time\" content=\"2020-08-07T15:05:12+00:00\" \/>\n<meta property=\"og:image\" content=\"https:\/\/i1.wp.com\/www.gietka.be\/wp-content\/uploads\/2020\/08\/P-1.png\" \/>\n<meta name=\"twitter:card\" content=\"summary_large_image\" \/>\n<script type=\"application\/ld+json\" class=\"yoast-schema-graph\">{\"@context\":\"https:\/\/schema.org\",\"@graph\":[{\"@type\":\"WebPage\",\"@id\":\"https:\/\/www.gietka.be\/index.php\/pendentif\/\",\"url\":\"https:\/\/www.gietka.be\/index.php\/pendentif\/\",\"name\":\"Pendentifs en argent - Jos\u00e9 Gietka, aquarelliste et cr\u00e9ateur de bijoux\",\"isPartOf\":{\"@id\":\"https:\/\/www.gietka.be\/#website\"},\"primaryImageOfPage\":{\"@id\":\"https:\/\/www.gietka.be\/index.php\/pendentif\/#primaryimage\"},\"image\":{\"@id\":\"https:\/\/www.gietka.be\/index.php\/pendentif\/#primaryimage\"},\"thumbnailUrl\":\"https:\/\/i1.wp.com\/www.gietka.be\/wp-content\/uploads\/2020\/08\/P-1.png\",\"datePublished\":\"2019-12-01T10:58:58+00:00\",\"dateModified\":\"2020-08-07T15:05:12+00:00\",\"breadcrumb\":{\"@id\":\"https:\/\/www.gietka.be\/index.php\/pendentif\/#breadcrumb\"},\"inLanguage\":\"fr-FR\",\"potentialAction\":[{\"@type\":\"ReadAction\",\"target\":[\"https:\/\/www.gietka.be\/index.php\/pendentif\/\"]}]},{\"@type\":\"ImageObject\",\"inLanguage\":\"fr-FR\",\"@id\":\"https:\/\/www.gietka.be\/index.php\/pendentif\/#primaryimage\",\"url\":\"https:\/\/i1.wp.com\/www.gietka.be\/wp-content\/uploads\/2020\/08\/P-1.png\",\"contentUrl\":\"https:\/\/i1.wp.com\/www.gietka.be\/wp-content\/uploads\/2020\/08\/P-1.png\"},{\"@type\":\"BreadcrumbList\",\"@id\":\"https:\/\/www.gietka.be\/index.php\/pendentif\/#breadcrumb\",\"itemListElement\":[{\"@type\":\"ListItem\",\"position\":1,\"name\":\"Accueil\",\"item\":\"https:\/\/www.gietka.be\/\"},{\"@type\":\"ListItem\",\"position\":2,\"name\":\"Pendentifs en argent\"}]},{\"@type\":\"WebSite\",\"@id\":\"https:\/\/www.gietka.be\/#website\",\"url\":\"https:\/\/www.gietka.be\/\",\"name\":\"Jos\u00e9 Gietka, aquarelliste et cr\u00e9ateur de bijoux\",\"description\":\"L&#039;art de l&#039;aquarelle cr\u00e9ative\",\"potentialAction\":[{\"@type\":\"SearchAction\",\"target\":{\"@type\":\"EntryPoint\",\"urlTemplate\":\"https:\/\/www.gietka.be\/?s={search_term_string}\"},\"query-input\":{\"@type\":\"PropertyValueSpecification\",\"valueRequired\":true,\"valueName\":\"search_term_string\"}}],\"inLanguage\":\"fr-FR\"}]}<\/script>\n<!-- \/ Yoast SEO plugin. -->","yoast_head_json":{"title":"Pendentifs en argent - Jos\u00e9 Gietka, aquarelliste et cr\u00e9ateur de bijoux","robots":{"index":"index","follow":"follow","max-snippet":"max-snippet:-1","max-image-preview":"max-image-preview:large","max-video-preview":"max-video-preview:-1"},"canonical":"https:\/\/www.gietka.be\/index.php\/pendentif\/","og_locale":"fr_FR","og_type":"article","og_title":"Pendentifs en argent - Jos\u00e9 Gietka, aquarelliste et cr\u00e9ateur de bijoux","og_description":"Cliquez sur une image pour voir le diaporama","og_url":"https:\/\/www.gietka.be\/index.php\/pendentif\/","og_site_name":"Jos\u00e9 Gietka, aquarelliste et cr\u00e9ateur de bijoux","article_modified_time":"2020-08-07T15:05:12+00:00","og_image":[{"url":"https:\/\/i1.wp.com\/www.gietka.be\/wp-content\/uploads\/2020\/08\/P-1.png","type":"","width":"","height":""}],"twitter_card":"summary_large_image","schema":{"@context":"https:\/\/schema.org","@graph":[{"@type":"WebPage","@id":"https:\/\/www.gietka.be\/index.php\/pendentif\/","url":"https:\/\/www.gietka.be\/index.php\/pendentif\/","name":"Pendentifs en argent - Jos\u00e9 Gietka, aquarelliste et cr\u00e9ateur de bijoux","isPartOf":{"@id":"https:\/\/www.gietka.be\/#website"},"primaryImageOfPage":{"@id":"https:\/\/www.gietka.be\/index.php\/pendentif\/#primaryimage"},"image":{"@id":"https:\/\/www.gietka.be\/index.php\/pendentif\/#primaryimage"},"thumbnailUrl":"https:\/\/i1.wp.com\/www.gietka.be\/wp-content\/uploads\/2020\/08\/P-1.png","datePublished":"2019-12-01T10:58:58+00:00","dateModified":"2020-08-07T15:05:12+00:00","breadcrumb":{"@id":"https:\/\/www.gietka.be\/index.php\/pendentif\/#breadcrumb"},"inLanguage":"fr-FR","potentialAction":[{"@type":"ReadAction","target":["https:\/\/www.gietka.be\/index.php\/pendentif\/"]}]},{"@type":"ImageObject","inLanguage":"fr-FR","@id":"https:\/\/www.gietka.be\/index.php\/pendentif\/#primaryimage","url":"https:\/\/i1.wp.com\/www.gietka.be\/wp-content\/uploads\/2020\/08\/P-1.png","contentUrl":"https:\/\/i1.wp.com\/www.gietka.be\/wp-content\/uploads\/2020\/08\/P-1.png"},{"@type":"BreadcrumbList","@id":"https:\/\/www.gietka.be\/index.php\/pendentif\/#breadcrumb","itemListElement":[{"@type":"ListItem","position":1,"name":"Accueil","item":"https:\/\/www.gietka.be\/"},{"@type":"ListItem","position":2,"name":"Pendentifs en argent"}]},{"@type":"WebSite","@id":"https:\/\/www.gietka.be\/#website","url":"https:\/\/www.gietka.be\/","name":"Jos\u00e9 Gietka, aquarelliste et cr\u00e9ateur de bijoux","description":"L&#039;art de l&#039;aquarelle cr\u00e9ative","potentialAction":[{"@type":"SearchAction","target":{"@type":"EntryPoint","urlTemplate":"https:\/\/www.gietka.be\/?s={search_term_string}"},"query-input":{"@type":"PropertyValueSpecification","valueRequired":true,"valueName":"search_term_string"}}],"inLanguage":"fr-FR"}]}},"jetpack_sharing_enabled":true,"jetpack_shortlink":"https:\/\/wp.me\/P7ZytP-vT","_links":{"self":[{"href":"https:\/\/www.gietka.be\/index.php\/wp-json\/wp\/v2\/pages\/1977","targetHints":{"allow":["GET"]}}],"collection":[{"href":"https:\/\/www.gietka.be\/index.php\/wp-json\/wp\/v2\/pages"}],"about":[{"href":"https:\/\/www.gietka.be\/index.php\/wp-json\/wp\/v2\/types\/page"}],"author":[{"embeddable":true,"href":"https:\/\/www.gietka.be\/index.php\/wp-json\/wp\/v2\/users\/2"}],"replies":[{"embeddable":true,"href":"https:\/\/www.gietka.be\/index.php\/wp-json\/wp\/v2\/comments?post=1977"}],"version-history":[{"count":7,"href":"https:\/\/www.gietka.be\/index.php\/wp-json\/wp\/v2\/pages\/1977\/revisions"}],"predecessor-version":[{"id":3958,"href":"https:\/\/www.gietka.be\/index.php\/wp-json\/wp\/v2\/pages\/1977\/revisions\/3958"}],"wp:attachment":[{"href":"https:\/\/www.gietka.be\/index.php\/wp-json\/wp\/v2\/media?parent=1977"}],"curies":[{"name":"wp","href":"https:\/\/api.w.org\/{rel}","templated":true}]}}